{"id":4014,"date":"2023-02-06T18:55:05","date_gmt":"2023-02-06T17:55:05","guid":{"rendered":"https:\/\/www.lapeniche.biz\/la-peniche-all-your-events\/?page_id=4014"},"modified":"2024-01-02T18:27:11","modified_gmt":"2024-01-02T17:27:11","slug":"a-propos","status":"publish","type":"page","link":"https:\/\/www.lapeniche.biz\/la-peniche-all-your-events\/a-propos\/","title":{"rendered":"A propos"},"content":{"rendered":"<p>[et_pb_section fb_built=\u00a0\u00bb1&Prime; fullwidth=\u00a0\u00bbon\u00a0\u00bb module_id=\u00a0\u00bbslider-header-home\u00a0\u00bb _builder_version=\u00a0\u00bb4.16&Prime; _module_preset=\u00a0\u00bbdefault\u00a0\u00bb global_colors_info=\u00a0\u00bb{}\u00a0\u00bb][et_pb_fullwidth_slider show_pagination=\u00a0\u00bboff\u00a0\u00bb _builder_version=\u00a0\u00bb4.19.5&Prime; _module_preset=\u00a0\u00bbdefault\u00a0\u00bb global_colors_info=\u00a0\u00bb{}\u00a0\u00bb][et_pb_slide heading=\u00a0\u00bbA PROPOS\u00a0\u00bb _builder_version=\u00a0\u00bb4.19.5&Prime; _module_preset=\u00a0\u00bbdefault\u00a0\u00bb background_enable_color=\u00a0\u00bboff\u00a0\u00bb background_image=\u00a0\u00bbhttps:\/\/www.lapeniche.biz\/la-peniche-bed-and-bicycle\/wp-content\/uploads\/sites\/5\/2021\/10\/La-Peniche-pont-terasse.jpg\u00a0\u00bb background_enable_image=\u00a0\u00bbon\u00a0\u00bb global_colors_info=\u00a0\u00bb{}\u00a0\u00bb sticky_transition=\u00a0\u00bbon\u00a0\u00bb][\/et_pb_slide][\/et_pb_fullwidth_slider][et_pb_fullwidth_code admin_label=\u00a0\u00bbBouton reservation\u00a0\u00bb module_class=\u00a0\u00bbbooking-trigger\u00a0\u00bb _builder_version=\u00a0\u00bb4.19.5&Prime; z_index_tablet=\u00a0\u00bb500&Prime; global_colors_info=\u00a0\u00bb{}\u00a0\u00bb]<a class=\"btn-booking\" href=\"https:\/\/www.lapeniche.biz\/la-peniche-all-your-events\/contact\/\">R\u00e9server<\/a>[\/et_pb_fullwidth_code][\/et_pb_section][et_pb_section fb_built=\u00a0\u00bb1&Prime; _builder_version=\u00a0\u00bb4.19.5&Prime; _module_preset=\u00a0\u00bbdefault\u00a0\u00bb global_colors_info=\u00a0\u00bb{}\u00a0\u00bb][et_pb_row _builder_version=\u00a0\u00bb4.19.5&Prime; _module_preset=\u00a0\u00bbdefault\u00a0\u00bb global_colors_info=\u00a0\u00bb{}\u00a0\u00bb][et_pb_column type=\u00a0\u00bb4_4&Prime; _builder_version=\u00a0\u00bb4.19.5&Prime; _module_preset=\u00a0\u00bbdefault\u00a0\u00bb global_colors_info=\u00a0\u00bb{}\u00a0\u00bb][et_pb_text admin_label=\u00a0\u00bbNotre id\u00e9e\u00a0\u00bb module_id=\u00a0\u00bbnotre-idee\u00a0\u00bb _builder_version=\u00a0\u00bb4.19.5&Prime; _module_preset=\u00a0\u00bbdefault\u00a0\u00bb global_colors_info=\u00a0\u00bb{}\u00a0\u00bb]<\/p>\n<h2 style=\"text-align: center;\"><span style=\"font-size: 24pt;\">CONCEPT<\/span><\/h2>\n<p style=\"text-align: center;\"><span style=\"font-size: 18pt;\">Des instants de vie inoubliables \u00e0 partager \u00e0 bord de notre P\u00e9niche \u2026<\/span><\/p>\n<p style=\"text-align: center;\"><span style=\"font-size: 18pt;\"><strong>Vos \u00e9v\u00e8nements professionnels ou priv\u00e9s sur l\u2019eau<\/strong>, dans un lieu apaisant et atypique en plein c\u0153ur de la vall\u00e9e du Rh\u00f4ne \u00e0 Tain l\u2019Hermitage \u2013 Dr\u00f4me.<\/span><\/p>\n<p style=\"text-align: center;\"><span style=\"font-size: 18pt;\"><strong>LA PENICHE \u00ae All Your Events<\/strong> vous propose notre P\u00e9niche enti\u00e8rement repens\u00e9e et am\u00e9nag\u00e9e, pour accueillir des groupes de <strong>10 \u00e0 200 personnes<\/strong>, afin de prendre le temps de partager des moments forts.<\/span><\/p>\n<p>[\/et_pb_text][et_pb_text admin_label=\u00a0\u00bbA propos\u00a0\u00bb module_id=\u00a0\u00bba-propos\u00a0\u00bb _builder_version=\u00a0\u00bb4.19.5&Prime; _module_preset=\u00a0\u00bbdefault\u00a0\u00bb global_colors_info=\u00a0\u00bb{}\u00a0\u00bb]<\/p>\n<h2 style=\"text-align: center;\"><span style=\"font-size: 24pt;\">HISTOIRE<\/span><\/h2>\n<p><span style=\"font-size: 18pt;\">Tout \u00e0 commenc\u00e9 en 2013, lorsque nous avons transform\u00e9 et construit notre premi\u00e8re <strong><a href=\"https:\/\/www.lapeniche.biz\/la-peniche-all-your-events\/\">P\u00e9niche [All Your Events]<\/a><\/strong> \u00e0 Tain l\u2019Hermitage, en rive gauche du Rh\u00f4ne, au pied du fameux coteaux de l\u2019Hermitage.<\/span><\/p>\n<p>&nbsp;<\/p>\n<p><span style=\"font-size: 18pt;\">Un an plus tard, nous avons commenc\u00e9 \u00e0 entreprendre la transformation d\u2019une nouvelle <strong><a href=\"https:\/\/www.lapeniche.biz\/la-peniche-slow-food-cafe\/\">P\u00e9niche [Slow Food Caf\u00e9]<\/a><\/strong> sur la rive droite du Rh\u00f4ne, qui devient vite une \u00ab\u00a0place To be\u00a0\u00bb \u00e0 Tournon Sur Rh\u00f4ne.<\/span><\/p>\n<p>&nbsp;<\/p>\n<p><span style=\"font-size: 18pt;\">En 2017, David FAURE traverse l\u2019atlantique avec son voilier, des iles Canaries \u00e0 la Martinique et depuis il navigue 100 jours par an.<\/span><\/p>\n<p>&nbsp;<\/p>\n<p><span style=\"font-size: 18pt;\">A son retour, il d\u00e9cide de parcourir \u00e0 v\u00e9lo la <strong><a href=\"https:\/\/www.Viarhona.fr\">Viarhona<\/a><\/strong> , du lac L\u00e9man (G\u00e9n\u00e8ve) \u00e0 la mer (Sainte Marie de la mer) avec \u00ab\u00a0Paco\u00a0\u00bb son fid\u00e8le labrador.<\/span><\/p>\n<p>&nbsp;<\/p>\n<p><span style=\"font-size: 18pt;\">Le fondateur de cette \u00ab Aventure \u00bb d\u00e9cide de lancer sur le trac\u00e9 de la Viarhona :<\/span><\/p>\n<p>&nbsp;<\/p>\n<p><span style=\"font-size: 18pt;\"><strong><a href=\"https:\/\/www.lapeniche.biz\/la-peniche-bed-and-bicycle\/\">LA PENICHE [Bed and Bicycle]<\/a> <\/strong>avec une premi\u00e8re implantation de P\u00e9niche H\u00f4tel \u00e0 Tournon Sur Rh\u00f4ne en 2021, puis \u00e0 Vienne en 2023 et prochainement Aigues mortes, Lyon , Avignon, Arles &#8230;<\/span><\/p>\n<p><span style=\"font-size: 18pt;\">Nous souhaitons vous faire partager une exp\u00e9rience unique au fil de l\u2019eau, pour vous offrir des moments inoubliables dans un esprit \u00ab Slow Life* \u00bb \u00e0 bord de nos P\u00e9niches.<\/span><\/p>\n<p>&nbsp;<\/p>\n<p><span style=\"font-size: 18pt;\">En 2024, <strong><a href=\"https:\/\/www.lapeniche.biz\/la-peniche-french-luxury-cuise\/\">LA PENICHE [French Luxury Cruise]<\/a><\/strong> offrira une croisi\u00e8re de luxe, pour un voyage d&rsquo;exception , Insolite et authentique sur le Rh\u00f4ne\u2026<\/span><\/p>\n<p>&nbsp;<\/p>\n<p><span style=\"font-size: 18pt;\">A ce jour, notre flotte de P\u00e9niches se compose d\u2019Hotels, de caf\u00e9, de croisi\u00e8res, de lieux de vie&#8230; <\/span><\/p>\n<p><span style=\"font-size: 18pt;\">Chaque exp\u00e9rience LA PENICHE\u00ae. r\u00e9v\u00e8le une histoire incroyable\u2026<\/span><\/p>\n<p>&nbsp;<\/p>\n<p><span style=\"font-size: 12pt;\"><em>*La \u00ab slow life \u00bb est un mode de vie, une philosophie qui invite a ralentir a profiter de l\u2019instant pre\u0301sent, en favorisant les moments de qualite\u0301 avec nous-me\u0302mes et avec nos proches.\u00a0<\/em><\/span><\/p>\n<p>[\/et_pb_text][\/et_pb_column][\/et_pb_row][\/et_pb_section][et_pb_section fb_built=\u00a0\u00bb1&Prime; module_class=\u00a0\u00bbservices-section\u00a0\u00bb _builder_version=\u00a0\u00bb4.16&Prime; global_module=\u00a0\u00bb4029&Prime; global_colors_info=\u00a0\u00bb{}\u00a0\u00bb][et_pb_row _builder_version=\u00a0\u00bb4.16&Prime; background_size=\u00a0\u00bbinitial\u00a0\u00bb background_position=\u00a0\u00bbtop_left\u00a0\u00bb background_repeat=\u00a0\u00bbrepeat\u00a0\u00bb global_colors_info=\u00a0\u00bb{}\u00a0\u00bb][et_pb_column type=\u00a0\u00bb4_4&Prime; _builder_version=\u00a0\u00bb4.16&Prime; custom_padding=\u00a0\u00bb|||\u00a0\u00bb global_colors_info=\u00a0\u00bb{}\u00a0\u00bb custom_padding__hover=\u00a0\u00bb|||\u00a0\u00bb][et_pb_text admin_label=\u00a0\u00bbNos P\u00e9niches\u00a0\u00bb _builder_version=\u00a0\u00bb4.19.5&Prime; z_index_tablet=\u00a0\u00bb500&Prime; global_colors_info=\u00a0\u00bb{}\u00a0\u00bb]<\/p>\n<h2 style=\"text-align: center;\"><span style=\"font-size: 24pt;\">Nos Activit\u00e9s sur l&rsquo;eau &#8230;<\/span><\/h2>\n<p>[\/et_pb_text][\/et_pb_column][\/et_pb_row][et_pb_row column_structure=\u00a0\u00bb1_5,1_5,1_5,1_5,1_5&Prime; make_equal=\u00a0\u00bbon\u00a0\u00bb module_class=\u00a0\u00bbservices-line\u00a0\u00bb _builder_version=\u00a0\u00bb4.16&Prime; global_colors_info=\u00a0\u00bb{}\u00a0\u00bb][et_pb_column type=\u00a0\u00bb1_5&Prime; _builder_version=\u00a0\u00bb4.16&Prime; custom_padding=\u00a0\u00bb|||\u00a0\u00bb global_colors_info=\u00a0\u00bb{}\u00a0\u00bb custom_padding__hover=\u00a0\u00bb|||\u00a0\u00bb][et_pb_text admin_label=\u00a0\u00bbArchitecture marine\u00a0\u00bb _builder_version=\u00a0\u00bb4.19.5&Prime; link_option_url=\u00a0\u00bbhttps:\/\/www.lapeniche.biz\/la-peniche-build-on-water\/\u00a0\u00bb z_index_tablet=\u00a0\u00bb500&Prime; global_colors_info=\u00a0\u00bb{}\u00a0\u00bb]<\/p>\n<h3 style=\"text-align: center;\"><span style=\"font-size: 12pt;\"><img loading=\"lazy\" decoding=\"async\" class=\"aligncenter wp-image-934\" src=\"https:\/\/www.lapeniche.biz\/la-peniche-all-your-events\/wp-content\/uploads\/sites\/3\/2021\/06\/favicon-bow.png\" alt=\"Build On Water - Construction\" width=\"120\" height=\"120\" \/>Construction<\/span><\/h3>\n<p>[\/et_pb_text][\/et_pb_column][et_pb_column type=\u00a0\u00bb1_5&Prime; _builder_version=\u00a0\u00bb4.16&Prime; custom_padding=\u00a0\u00bb|||\u00a0\u00bb global_colors_info=\u00a0\u00bb{}\u00a0\u00bb custom_padding__hover=\u00a0\u00bb|||\u00a0\u00bb][et_pb_text admin_label=\u00a0\u00bb\u00e9v\u00e8nements\u00a0\u00bb _builder_version=\u00a0\u00bb4.19.5&Prime; link_option_url=\u00a0\u00bbhttps:\/\/www.lapeniche.biz\/la-peniche-all-your-events\/\u00a0\u00bb z_index_tablet=\u00a0\u00bb500&Prime; global_colors_info=\u00a0\u00bb{}\u00a0\u00bb]<\/p>\n<h3 style=\"text-align: center;\"><span style=\"font-size: 12pt;\"><img loading=\"lazy\" decoding=\"async\" class=\"wp-image-4057 size-medium aligncenter\" src=\"https:\/\/www.lapeniche.biz\/la-peniche-all-your-events\/wp-content\/uploads\/sites\/3\/2023\/02\/favicon-aye-2023-300x300.png\" alt=\"\" width=\"120\" height=\"120\" \/>Ev\u00e8nement<\/span><\/h3>\n<p>[\/et_pb_text][\/et_pb_column][et_pb_column type=\u00a0\u00bb1_5&Prime; _builder_version=\u00a0\u00bb4.16&Prime; custom_padding=\u00a0\u00bb|||\u00a0\u00bb global_colors_info=\u00a0\u00bb{}\u00a0\u00bb custom_padding__hover=\u00a0\u00bb|||\u00a0\u00bb][et_pb_text admin_label=\u00a0\u00bbCaf\u00e9\u00a0\u00bb _builder_version=\u00a0\u00bb4.19.5&Prime; link_option_url=\u00a0\u00bbhttps:\/\/www.lapeniche.biz\/la-peniche-slow-food-cafe\/\u00a0\u00bb z_index_tablet=\u00a0\u00bb500&Prime; global_colors_info=\u00a0\u00bb{}\u00a0\u00bb]<\/p>\n<h3 style=\"text-align: center;\"><span style=\"font-size: 12pt;\"><img loading=\"lazy\" decoding=\"async\" class=\"alignnone wp-image-3525\" src=\"https:\/\/www.lapeniche.biz\/la-peniche-all-your-events\/wp-content\/uploads\/sites\/3\/2023\/02\/image-300x300-1.png\" alt=\"\" width=\"120\" height=\"120\" \/><br \/>Caf\u00e9<\/span><\/h3>\n<p>[\/et_pb_text][\/et_pb_column][et_pb_column type=\u00a0\u00bb1_5&Prime; _builder_version=\u00a0\u00bb4.16&Prime; custom_padding=\u00a0\u00bb|||\u00a0\u00bb global_colors_info=\u00a0\u00bb{}\u00a0\u00bb custom_padding__hover=\u00a0\u00bb|||\u00a0\u00bb][et_pb_text admin_label=\u00a0\u00bbH\u00f4tel\u00a0\u00bb _builder_version=\u00a0\u00bb4.19.5&Prime; link_option_url=\u00a0\u00bbhttps:\/\/www.lapeniche.biz\/la-peniche-bed-and-bicycle\u00a0\u00bb z_index_tablet=\u00a0\u00bb500&Prime; global_colors_info=\u00a0\u00bb{}\u00a0\u00bb]<\/p>\n<h3 style=\"text-align: center;\"><span style=\"font-size: 12pt;\"><img loading=\"lazy\" decoding=\"async\" class=\"aligncenter wp-image-582 size-full\" src=\"https:\/\/www.lapeniche.biz\/la-peniche-all-your-events\/wp-content\/uploads\/sites\/3\/2023\/02\/favicon-bb-e1646415462922.png\" alt=\"La P\u00e9niche Bed &amp; Bicycle\" width=\"120\" height=\"120\" \/>H\u00f4tel<\/span><\/h3>\n<p>[\/et_pb_text][\/et_pb_column][et_pb_column type=\u00a0\u00bb1_5&Prime; _builder_version=\u00a0\u00bb4.16&Prime; custom_padding=\u00a0\u00bb|||\u00a0\u00bb global_colors_info=\u00a0\u00bb{}\u00a0\u00bb custom_padding__hover=\u00a0\u00bb|||\u00a0\u00bb][et_pb_text admin_label=\u00a0\u00bbCroisi\u00e8re\u00a0\u00bb _builder_version=\u00a0\u00bb4.19.5&Prime; link_option_url=\u00a0\u00bbhttps:\/\/www.lapeniche.biz\/la-peniche-french-luxury-cuise\/\u00a0\u00bb z_index_tablet=\u00a0\u00bb500&Prime; global_colors_info=\u00a0\u00bb{}\u00a0\u00bb]<\/p>\n<h3 style=\"text-align: center;\"><span style=\"font-size: 12pt;\"><img loading=\"lazy\" decoding=\"async\" class=\"wp-image-4035 size-full aligncenter\" src=\"https:\/\/www.lapeniche.biz\/la-peniche-all-your-events\/wp-content\/uploads\/sites\/3\/2023\/02\/french-luxury-cruise.png\" alt=\"\" width=\"120\" height=\"120\" srcset=\"https:\/\/www.lapeniche.biz\/la-peniche-all-your-events\/wp-content\/uploads\/sites\/3\/2023\/02\/french-luxury-cruise.png 120w, https:\/\/www.lapeniche.biz\/la-peniche-all-your-events\/wp-content\/uploads\/sites\/3\/2023\/02\/french-luxury-cruise-100x100.png 100w\" sizes=\"auto, (max-width: 120px) 100vw, 120px\" \/>Croisi\u00e8re<\/span><\/h3>\n<p>[\/et_pb_text][\/et_pb_column][\/et_pb_row][\/et_pb_section][et_pb_section fb_built=\u00a0\u00bb1&Prime; admin_label=\u00a0\u00bbSection Inscription Newsletter\u00a0\u00bb module_id=\u00a0\u00bblp-news-sub-section\u00a0\u00bb _builder_version=\u00a0\u00bb4.22.2&Prime; _module_preset=\u00a0\u00bbdefault\u00a0\u00bb global_colors_info=\u00a0\u00bb{}\u00a0\u00bb global_module=\u00a0\u00bb4456&Prime; theme_builder_area=\u00a0\u00bbpost_content\u00a0\u00bb][et_pb_row _builder_version=\u00a0\u00bb4.22.2&Prime; _module_preset=\u00a0\u00bbdefault\u00a0\u00bb global_colors_info=\u00a0\u00bb{}\u00a0\u00bb theme_builder_area=\u00a0\u00bbpost_content\u00a0\u00bb][et_pb_column type=\u00a0\u00bb4_4&Prime; _builder_version=\u00a0\u00bb4.22.2&Prime; _module_preset=\u00a0\u00bbdefault\u00a0\u00bb global_colors_info=\u00a0\u00bb{}\u00a0\u00bb theme_builder_area=\u00a0\u00bbpost_content\u00a0\u00bb][et_pb_text admin_label=\u00a0\u00bbInscrivez-vous \u00e0 la newsletter\u00a0\u00bb _builder_version=\u00a0\u00bb4.22.2&Prime; _module_preset=\u00a0\u00bbdefault\u00a0\u00bb global_colors_info=\u00a0\u00bb{}\u00a0\u00bb theme_builder_area=\u00a0\u00bbpost_content\u00a0\u00bb]<\/p>\n<h2 style=\"text-align: center;\">Inscrivez-vous \u00e0 notre newsletter :<\/h2>\n<script>(function() {\n\twindow.mc4wp = window.mc4wp || {\n\t\tlisteners: [],\n\t\tforms: {\n\t\t\ton: function(evt, cb) {\n\t\t\t\twindow.mc4wp.listeners.push(\n\t\t\t\t\t{\n\t\t\t\t\t\tevent   : evt,\n\t\t\t\t\t\tcallback: cb\n\t\t\t\t\t}\n\t\t\t\t);\n\t\t\t}\n\t\t}\n\t}\n})();\n<\/script><!-- Mailchimp for WordPress v4.12.2 - https:\/\/wordpress.org\/plugins\/mailchimp-for-wp\/ --><form id=\"mc4wp-form-1\" class=\"mc4wp-form mc4wp-form-4453\" method=\"post\" data-id=\"4453\" data-name=\"Inscription newsletter La P\u00e9niche\" ><div class=\"mc4wp-form-fields\"><p>\r\n\t<label>\r\n\t\t<input type=\"email\" name=\"EMAIL\" placeholder=\"Votre adresse de courrier \u00e9lectronique\" required \/>\r\n<\/label>\r\n<input type=\"submit\" value=\"Abonnez-vous\" \/>\r\n<\/p><\/div><label style=\"display: none !important;\">Laissez ce champ vide si vous \u00eates humain\u00a0: <input type=\"text\" name=\"_mc4wp_honeypot\" value=\"\" tabindex=\"-1\" autocomplete=\"off\" \/><\/label><input type=\"hidden\" name=\"_mc4wp_timestamp\" value=\"1777713663\" \/><input type=\"hidden\" name=\"_mc4wp_form_id\" value=\"4453\" \/><input type=\"hidden\" name=\"_mc4wp_form_element_id\" value=\"mc4wp-form-1\" \/><div class=\"mc4wp-response\"><\/div><\/form><!-- \/ Mailchimp for WordPress Plugin -->\n<p>[\/et_pb_text][\/et_pb_column][\/et_pb_row][\/et_pb_section]<\/p>\n","protected":false},"excerpt":{"rendered":"<p>CONCEPT Des instants de vie inoubliables \u00e0 partager \u00e0 bord de notre P\u00e9niche \u2026 Vos \u00e9v\u00e8nements professionnels ou priv\u00e9s sur l\u2019eau, dans un lieu apaisant et atypique en plein c\u0153ur de la vall\u00e9e du Rh\u00f4ne \u00e0 Tain l\u2019Hermitage \u2013 Dr\u00f4me. LA PENICHE \u00ae All Your Events vous propose notre P\u00e9niche enti\u00e8rement repens\u00e9e et am\u00e9nag\u00e9e, pour [&hellip;]<\/p>\n","protected":false},"author":1,"featured_media":0,"parent":0,"menu_order":0,"comment_status":"closed","ping_status":"closed","template":"","meta":{"_et_pb_use_builder":"on","_et_pb_old_content":"","_et_gb_content_width":"","footnotes":""},"class_list":["post-4014","page","type-page","status-publish","hentry"],"_links":{"self":[{"href":"https:\/\/www.lapeniche.biz\/la-peniche-all-your-events\/wp-json\/wp\/v2\/pages\/4014","targetHints":{"allow":["GET"]}}],"collection":[{"href":"https:\/\/www.lapeniche.biz\/la-peniche-all-your-events\/wp-json\/wp\/v2\/pages"}],"about":[{"href":"https:\/\/www.lapeniche.biz\/la-peniche-all-your-events\/wp-json\/wp\/v2\/types\/page"}],"author":[{"embeddable":true,"href":"https:\/\/www.lapeniche.biz\/la-peniche-all-your-events\/wp-json\/wp\/v2\/users\/1"}],"replies":[{"embeddable":true,"href":"https:\/\/www.lapeniche.biz\/la-peniche-all-your-events\/wp-json\/wp\/v2\/comments?post=4014"}],"version-history":[{"count":5,"href":"https:\/\/www.lapeniche.biz\/la-peniche-all-your-events\/wp-json\/wp\/v2\/pages\/4014\/revisions"}],"predecessor-version":[{"id":4462,"href":"https:\/\/www.lapeniche.biz\/la-peniche-all-your-events\/wp-json\/wp\/v2\/pages\/4014\/revisions\/4462"}],"wp:attachment":[{"href":"https:\/\/www.lapeniche.biz\/la-peniche-all-your-events\/wp-json\/wp\/v2\/media?parent=4014"}],"curies":[{"name":"wp","href":"https:\/\/api.w.org\/{rel}","templated":true}]}}