{"id":4839,"date":"2023-02-21T14:52:40","date_gmt":"2023-02-21T13:52:40","guid":{"rendered":"https:\/\/www.lapeniche.biz\/la-peniche-bed-and-bicycle\/?post_type=project&#038;p=4839"},"modified":"2023-10-12T20:28:43","modified_gmt":"2023-10-12T18:28:43","slug":"privatisation","status":"publish","type":"project","link":"https:\/\/www.lapeniche.biz\/la-peniche-bed-and-bicycle\/project\/privatisation\/","title":{"rendered":"Privatisation"},"content":{"rendered":"<p>[et_pb_section fb_built=\u00a0\u00bb1&Prime; fullwidth=\u00a0\u00bbon\u00a0\u00bb module_id=\u00a0\u00bbslider-header-home\u00a0\u00bb _builder_version=\u00a0\u00bb4.16&Prime; _module_preset=\u00a0\u00bbdefault\u00a0\u00bb global_colors_info=\u00a0\u00bb{}\u00a0\u00bb][et_pb_fullwidth_slider _builder_version=\u00a0\u00bb4.19.5&Prime; _module_preset=\u00a0\u00bbdefault\u00a0\u00bb global_colors_info=\u00a0\u00bb{}\u00a0\u00bb][et_pb_slide heading=\u00a0\u00bbPRIVATISATION\u00a0\u00bb _builder_version=\u00a0\u00bb4.19.5&Prime; _module_preset=\u00a0\u00bbdefault\u00a0\u00bb background_enable_color=\u00a0\u00bboff\u00a0\u00bb background_image=\u00a0\u00bbhttps:\/\/www.lapeniche.biz\/la-peniche-bed-and-bicycle\/wp-content\/uploads\/sites\/5\/2021\/10\/La-Peniche-vue-exterieure-2.jpg\u00a0\u00bb background_enable_image=\u00a0\u00bbon\u00a0\u00bb global_colors_info=\u00a0\u00bb{}\u00a0\u00bb sticky_transition=\u00a0\u00bbon\u00a0\u00bb][\/et_pb_slide][\/et_pb_fullwidth_slider][et_pb_fullwidth_code admin_label=\u00a0\u00bbWidget MB BE\u00a0\u00bb module_id=\u00a0\u00bbwidget-booking-engine-MB\u00a0\u00bb _builder_version=\u00a0\u00bb4.16&Prime; _module_preset=\u00a0\u00bbdefault\u00a0\u00bb global_colors_info=\u00a0\u00bb{}\u00a0\u00bb]<\/p>\n<div id=\"widgetMB2\"><\/div>\n<p><!-- [et_pb_line_break_holder] --><!-- [et_pb_line_break_holder] --><script><!-- [et_pb_line_break_holder] -->var langue = 'fr';<!-- [et_pb_line_break_holder] -->var id_etab = 'a36143e9bf80cdf3bbd4360ae2802219';<!-- [et_pb_line_break_holder] -->var param = '0201202000020001094045221';<!-- [et_pb_line_break_holder] --><\/script><!-- [et_pb_line_break_holder] --><script src=\"https:\/\/www.secure-direct-hotel-booking.com\/widget\/scriptWidget.js\"><\/script>[\/et_pb_fullwidth_code][et_pb_fullwidth_code admin_label=\u00a0\u00bbBouton reservation &#8211; choix P\u00e9niche\u00a0\u00bb module_class=\u00a0\u00bbbooking-trigger\u00a0\u00bb _builder_version=\u00a0\u00bb4.19.5&Prime; z_index_tablet=\u00a0\u00bb500&Prime; custom_css_main_element=\u00a0\u00bbz-index:100;\u00a0\u00bb global_module=\u00a0\u00bb878&Prime; saved_tabs=\u00a0\u00bball\u00a0\u00bb global_colors_info=\u00a0\u00bb{}\u00a0\u00bb]<a class=\"btn-booking\" href=\"#\" rel=\"noopener\">R\u00e9server<\/a> <!-- [et_pb_line_break_holder] --><\/p>\n<div class=\"lp-sidebar-reservation\"><!-- [et_pb_line_break_holder] -->  <\/p>\n<div class=\"lp-sideba-header\"><!-- [et_pb_line_break_holder] -->    <\/p>\n<div class=\"lp-sidebar-close\"><!-- [et_pb_line_break_holder] -->      X<!-- [et_pb_line_break_holder] -->    <\/div>\n<p><!-- [et_pb_line_break_holder] -->  <\/div>\n<p><!-- [et_pb_line_break_holder] -->  <\/p>\n<div class=\"lp-sidebar-title\"><!-- [et_pb_line_break_holder] -->    R\u00e9server une PENICHE<!-- [et_pb_line_break_holder] -->  <\/div>\n<p><!-- [et_pb_line_break_holder] -->  <\/p>\n<form id=\"lp-form-select-peniche\"><!-- [et_pb_line_break_holder] -->    <select name=\"peniche\" id=\"lp-select-peniche\" required=\"required\"><!-- [et_pb_line_break_holder] --><option disabled selected value> &#8212; Choisir sa PENICHE &#8212; <\/option><!-- [et_pb_line_break_holder] --><option value=\"tournon\">LA PENICHE &#8211; Tournon-sur-rh\u00f4ne<\/option><!-- [et_pb_line_break_holder] --><option value=\"vienne\">LA PENICHE &#8211; Vienne<\/option><!-- [et_pb_line_break_holder] -->    <\/select><!-- [et_pb_line_break_holder] -->    <label for=\"arrivee\">Date arriv\u00e9e :<\/label><!-- [et_pb_line_break_holder] -->\t\t<input type=\"text\" id=\"arrivee\" name=\"arrivee\" placeholder=\"Date d'arriv\u00e9e\" class=\"datepicker arrivee\"><!-- [et_pb_line_break_holder] -->    <label for=\"depart\">Date de d\u00e9part :<\/label><!-- [et_pb_line_break_holder] -->    <input type=\"text\" id=\"depart\" name=\"depart\" placeholder=\"Date de d\u00e9part\" class=\"datepicker depart\"><!-- [et_pb_line_break_holder] -->    <a class=\"lp-resa-validate\" href=\"#\" rel=\"noopener\">V\u00e9rifier les disponibilit\u00e9s<\/a><!-- [et_pb_line_break_holder] -->  <\/form>\n<p><!-- [et_pb_line_break_holder] --><\/div>\n<p>   [\/et_pb_fullwidth_code][\/et_pb_section][et_pb_section fb_built=\u00a0\u00bb1&Prime; _builder_version=\u00a0\u00bb4.16&Prime; _module_preset=\u00a0\u00bbdefault\u00a0\u00bb global_colors_info=\u00a0\u00bb{}\u00a0\u00bb][et_pb_row _builder_version=\u00a0\u00bb4.16&Prime; _module_preset=\u00a0\u00bbdefault\u00a0\u00bb global_colors_info=\u00a0\u00bb{}\u00a0\u00bb][et_pb_column type=\u00a0\u00bb4_4&Prime; _builder_version=\u00a0\u00bb4.16&Prime; _module_preset=\u00a0\u00bbdefault\u00a0\u00bb global_colors_info=\u00a0\u00bb{}\u00a0\u00bb][et_pb_text _builder_version=\u00a0\u00bb4.22.2&Prime; _module_preset=\u00a0\u00bbdefault\u00a0\u00bb hover_enabled=\u00a0\u00bb0&Prime; global_colors_info=\u00a0\u00bb{}\u00a0\u00bb sticky_enabled=\u00a0\u00bb0&Prime;]<\/p>\n<p>&nbsp;<\/p>\n<table style=\"border-collapse: collapse; width: 100%;\">\n<tbody>\n<tr>\n<td style=\"width: 10.576221%;\"><span style=\"background-color: #ffffff;\"><strong><span style=\"color: #000000; font-size: 14pt; background-color: #ffffff;\"><em><img loading=\"lazy\" decoding=\"async\" class=\"alignnone wp-image-582\" src=\"https:\/\/www.lapeniche.biz\/la-peniche-bed-and-bicycle\/wp-content\/uploads\/sites\/5\/2021\/05\/favicon-bb-300x300.png\" alt=\"La P\u00e9niche Bed &amp; Bicycle\" width=\"75\" height=\"75\" \/><\/em><\/span><\/strong><\/span><\/td>\n<td style=\"width: 36.834427%;\"><span style=\"background-color: #ffffff; font-size: 18pt;\"><strong><span style=\"background-color: #ffffff;\">PRIVATISEZ LA PENICHE<\/span><\/strong><\/span><\/td>\n<td style=\"width: 52.589351%;\"><span style=\"background-color: #ffffff; font-size: 14pt; color: #d0191c;\">\u00e0 partir de 1 500 \u20ac \/ Jour\u00a0 \u00a0<\/span><\/td>\n<\/tr>\n<\/tbody>\n<\/table>\n<p>&nbsp;<\/p>\n<p><span style=\"font-size: 12pt;\"><em>Privatisation de la p\u00e9niche sur 2 nuits minimum<\/em><\/span><\/p>\n<p><span style=\"font-size: 12pt;\">Id\u00e9alement adapt\u00e9 pour des groupes de<u><strong> 12 personnes maximum.<\/strong><\/u><\/span><\/p>\n<p>&nbsp;<\/p>\n<p>&nbsp;<\/p>\n<p>&nbsp;<\/p>\n<p>&nbsp;<\/p>\n<p><span style=\"font-size: 12pt;\">LA PENICHE est pr\u00e9par\u00e9e pour vous accueillir avec tout notre savoir-faire.<\/span><\/p>\n<p><span style=\"font-size: 12pt;\"><strong>P\u00e9niche enti\u00e8rement climatis\u00e9e de 300 m2<\/strong> avec 5 Cabines, Salon Jardin d\u2019Hiver, Cuisine \u00e9quip\u00e9e, Terrasses pont avant, Terrasse pont arri\u00e8re, Bain Nordique, Sauna \u2026<\/span><\/p>\n<p>&nbsp;<\/p>\n<p>&nbsp;<\/p>\n<p>&nbsp;<\/p>\n<p><span style=\"color: #d0191c; font-size: 12pt;\"><strong><u>Informations pratiques :<\/u><\/strong><\/span><\/p>\n<ul>\n<li><span style=\"font-size: 12pt;\">Un P\u00e9niche ultra equip\u00e9e de 300 m2<\/span><\/li>\n<li><span style=\"font-size: 12pt;\">\u00c0 200m du parking public<\/span><\/li>\n<li><span style=\"font-size: 12pt;\">Arriv\u00e9e : 15h \/ D\u00e9part : 12h \/ En toute libert\u00e9 et autonomie avec votre QR code (Cl\u00e9s)<\/span><\/li>\n<li><span style=\"font-size: 12pt;\">Peut accueillir 12 personnes maximum<\/span><\/li>\n<li><span style=\"font-size: 12pt;\">Draps et serviettes fournis et lits faits \u00e0 l\u2019arriv\u00e9e, m\u00e9nage au d\u00e9part,<\/span><\/li>\n<\/ul>\n<p><span style=\"color: #d0191c; font-size: 12pt;\"><strong><u>Confort &amp; \u00e9quipements :<\/u><\/strong><\/span><\/p>\n<ul>\n<li><span style=\"font-size: 12pt;\">5 cabines avec Lit double King Size Ultra Confort<\/span><\/li>\n<li><span style=\"font-size: 12pt;\">5 salles de bain avec douche et toilette<\/span><\/li>\n<li><span style=\"font-size: 12pt;\">S\u00e8che cheveux<\/span><\/li>\n<li><span style=\"font-size: 12pt;\">Coffres forts<\/span><\/li>\n<li><span style=\"font-size: 12pt;\">Cuisine \u00e9quip\u00e9e<\/span><\/li>\n<li><span style=\"font-size: 12pt;\">Salon Jardin d&rsquo;Hiver<\/span><\/li>\n<li><span style=\"font-size: 12pt;\">Pont Terrasse \u00e9quip\u00e9e d&rsquo;un salon de jardin<\/span><\/li>\n<li><span style=\"font-size: 12pt;\">Sauna &amp; Bain Nordique<\/span><\/li>\n<li><span style=\"font-size: 12pt;\">Buandrie (Llave linge &amp; S\u00e8che linge)<\/span><\/li>\n<li><span style=\"font-size: 12pt;\">\u00c9clairage ambiance et domotique<\/span><\/li>\n<li><span style=\"font-size: 12pt;\">Climatisation &amp; chauffage<\/span><\/li>\n<li><span style=\"font-size: 12pt;\">Garage \u00e0 v\u00e9lo s\u00e9curis\u00e9<\/span><\/li>\n<li><span style=\"font-size: 12pt;\">Ponton bateau<\/span><\/li>\n<\/ul>\n<p><span style=\"font-size: 12pt;\"><strong><u><span style=\"color: #d0191c;\">Digital \u00e9quipements<\/span><br \/><\/u><\/strong><\/span><\/p>\n<ul>\n<li><span style=\"font-size: 12pt;\">Pack Connect\u00e9 (Ipad , Apple Music , Apple TV+)<\/span><\/li>\n<li><span style=\"font-size: 12pt;\">Connexion wifi haut d\u00e9bit<\/span><\/li>\n<li><span style=\"font-size: 12pt;\">Vid\u00e9oprojecteur<\/span><\/li>\n<li><span style=\"font-size: 12pt;\">\u00c9cran g\u00e9ant<\/span><\/li>\n<li><span style=\"font-size: 12pt;\">Enceintes connect\u00e9es Sonos<\/span><\/li>\n<li><span style=\"font-size: 12pt;\">Enceintes google home<\/span><\/li>\n<li><span style=\"font-size: 12pt;\">\u00c9clairage ambiance connect\u00e9e<\/span><\/li>\n<\/ul>\n<p><span style=\"color: #d0191c; font-size: 12pt;\"><strong><u>\u00c0 votre disposition :<\/u><\/strong><\/span><\/p>\n<ul>\n<li><span style=\"font-size: 12pt;\">Cuisine equip\u00e9e<\/span><\/li>\n<li><span style=\"font-size: 12pt;\">Machine \u00e0 caf\u00e9 Nespresso (Dosette &amp; sucres offerts)<\/span><\/li>\n<li><span style=\"font-size: 12pt;\">Bouilloire (th\u00e9 bio Kusmi Tea offerts)<\/span><\/li>\n<li><span style=\"font-size: 12pt;\">Plaque \u00e0 induction, Micro-ondes , Four , Frigos , Cong\u00e9lateur<\/span><\/li>\n<li><span style=\"font-size: 12pt;\">Toster<\/span><\/li>\n<li><span style=\"font-size: 12pt;\">Presse agrumes<\/span><\/li>\n<li><span style=\"font-size: 12pt;\">Vaisselle (verres, assiettes, couverts, plats &#8230;)<\/span><\/li>\n<li><span style=\"font-size: 12pt;\">Kit Cuisine (Tout pour cuisiner)<\/span><\/li>\n<\/ul>\n<p><span style=\"color: #d0191c; font-size: 12pt;\"><strong><u>R\u00e8gles :<\/u><\/strong><\/span><\/p>\n<ul>\n<li><span style=\"font-size: 12pt;\">Nos offres respectent les protocoles n\u00e9cessaires pour vous accueillir en toute s\u00e9curit\u00e9.<\/span><\/li>\n<li><span style=\"font-size: 12pt;\">Nous vous rappelons que l&rsquo;ensemble de La P\u00e9niche est non-fumeur et que nos amis les animaux sont interdits.<\/span><\/li>\n<li><span style=\"font-size: 12pt;\">Les f\u00eates sont strictement interdites et la capacit\u00e9 totale est limit\u00e9e \u00e0 12 personnes et contr\u00f4l\u00e9e par cam\u00e9ra.<\/span><\/li>\n<li><span style=\"font-size: 12pt;\">Tout manquement \u00e0 cette r\u00e8gle engendrera un compl\u00e9ment de facturation de 100\u20ac par personne suppl\u00e9mentaire et 100\u20ac pour forfait d&rsquo;intervention et de nettoyage (article 12 CGV LA PENICHE). Nous nous r\u00e9servons le droit de porter plainte contre la personne qui a fait la r\u00e9servation.)<\/span><\/li>\n<\/ul>\n<p><span style=\"font-size: 12pt;\"><u><a href=\"https:\/\/www.lapeniche.biz\/la-peniche-all-your-events\/\" target=\"_blank\" rel=\"noopener\">* Pour un \u00e9v\u00e8nement ou pour un groupe plus important, contactez nous pour oragnisez vos evenements sur nos Peniches\u00a0<\/a><\/u><\/span><\/p>\n<p>&nbsp;<\/p>\n<p>[\/et_pb_text][et_pb_button button_url=\u00a0\u00bb@ET-DC@eyJkeW5hbWljIjp0cnVlLCJjb250ZW50IjoicG9zdF9saW5rX3VybF9wYWdlIiwic2V0dGluZ3MiOnsicG9zdF9pZCI6IjQ3ODIifX0=@\u00a0\u00bb button_text=\u00a0\u00bbRetour aux offres\u00a0\u00bb _builder_version=\u00a0\u00bb4.19.5&Prime; _dynamic_attributes=\u00a0\u00bbbutton_url\u00a0\u00bb _module_preset=\u00a0\u00bbdefault\u00a0\u00bb global_colors_info=\u00a0\u00bb{}\u00a0\u00bb][\/et_pb_button][\/et_pb_column][\/et_pb_row][\/et_pb_section]<\/p>\n","protected":false},"excerpt":{"rendered":"<p>&nbsp; PRIVATISEZ LA PENICHE \u00e0 partir de 1 500 \u20ac \/ Jour\u00a0 \u00a0 &nbsp; Privatisation de la p\u00e9niche sur 2 nuits minimum Id\u00e9alement adapt\u00e9 pour des groupes de 12 personnes maximum. &nbsp; &nbsp; &nbsp; &nbsp; LA PENICHE est pr\u00e9par\u00e9e pour vous accueillir avec tout notre savoir-faire. P\u00e9niche enti\u00e8rement climatis\u00e9e de 300 m2 avec 5 Cabines, [&hellip;]<\/p>\n","protected":false},"author":1,"featured_media":4384,"comment_status":"open","ping_status":"closed","template":"","meta":{"_et_pb_use_builder":"on","_et_pb_old_content":"","_et_gb_content_width":"","footnotes":""},"project_category":[165],"project_tag":[],"class_list":["post-4839","project","type-project","status-publish","has-post-thumbnail","hentry","project_category-offres"],"_links":{"self":[{"href":"https:\/\/www.lapeniche.biz\/la-peniche-bed-and-bicycle\/wp-json\/wp\/v2\/project\/4839","targetHints":{"allow":["GET"]}}],"collection":[{"href":"https:\/\/www.lapeniche.biz\/la-peniche-bed-and-bicycle\/wp-json\/wp\/v2\/project"}],"about":[{"href":"https:\/\/www.lapeniche.biz\/la-peniche-bed-and-bicycle\/wp-json\/wp\/v2\/types\/project"}],"author":[{"embeddable":true,"href":"https:\/\/www.lapeniche.biz\/la-peniche-bed-and-bicycle\/wp-json\/wp\/v2\/users\/1"}],"replies":[{"embeddable":true,"href":"https:\/\/www.lapeniche.biz\/la-peniche-bed-and-bicycle\/wp-json\/wp\/v2\/comments?post=4839"}],"version-history":[{"count":5,"href":"https:\/\/www.lapeniche.biz\/la-peniche-bed-and-bicycle\/wp-json\/wp\/v2\/project\/4839\/revisions"}],"predecessor-version":[{"id":6760,"href":"https:\/\/www.lapeniche.biz\/la-peniche-bed-and-bicycle\/wp-json\/wp\/v2\/project\/4839\/revisions\/6760"}],"wp:featuredmedia":[{"embeddable":true,"href":"https:\/\/www.lapeniche.biz\/la-peniche-bed-and-bicycle\/wp-json\/wp\/v2\/media\/4384"}],"wp:attachment":[{"href":"https:\/\/www.lapeniche.biz\/la-peniche-bed-and-bicycle\/wp-json\/wp\/v2\/media?parent=4839"}],"wp:term":[{"taxonomy":"project_category","embeddable":true,"href":"https:\/\/www.lapeniche.biz\/la-peniche-bed-and-bicycle\/wp-json\/wp\/v2\/project_category?post=4839"},{"taxonomy":"project_tag","embeddable":true,"href":"https:\/\/www.lapeniche.biz\/la-peniche-bed-and-bicycle\/wp-json\/wp\/v2\/project_tag?post=4839"}],"curies":[{"name":"wp","href":"https:\/\/api.w.org\/{rel}","templated":true}]}}