{"id":915,"date":"2023-02-06T19:02:06","date_gmt":"2023-02-06T18:02:06","guid":{"rendered":"https:\/\/www.lapeniche.biz\/la-peniche-slow-food-cafe\/?page_id=915"},"modified":"2025-04-18T11:31:50","modified_gmt":"2025-04-18T09:31:50","slug":"a-propos","status":"publish","type":"page","link":"https:\/\/www.lapeniche.biz\/la-peniche-slow-food-cafe\/a-propos\/","title":{"rendered":"A propos"},"content":{"rendered":"<p>[et_pb_section fb_built=\u00a0\u00bb1&Prime; fullwidth=\u00a0\u00bbon\u00a0\u00bb module_id=\u00a0\u00bbslider-header-home\u00a0\u00bb _builder_version=\u00a0\u00bb4.16&Prime; global_colors_info=\u00a0\u00bb{}\u00a0\u00bb][et_pb_fullwidth_slider show_pagination=\u00a0\u00bboff\u00a0\u00bb _builder_version=\u00a0\u00bb4.19.5&Prime; auto=\u00a0\u00bbon\u00a0\u00bb z_index_tablet=\u00a0\u00bb500&Prime; global_colors_info=\u00a0\u00bb{}\u00a0\u00bb][et_pb_slide use_bg_overlay=\u00a0\u00bboff\u00a0\u00bb use_text_overlay=\u00a0\u00bboff\u00a0\u00bb _builder_version=\u00a0\u00bb4.19.5&Prime; header_text_align=\u00a0\u00bbcenter\u00a0\u00bb body_text_align=\u00a0\u00bbcenter\u00a0\u00bb background_color=\u00a0\u00bb#ffffff\u00a0\u00bb background_image=\u00a0\u00bbhttps:\/\/www.lapeniche.biz\/la-peniche-slow-food-cafe\/wp-content\/uploads\/sites\/4\/2023\/01\/La-Peniche-Slow-Food-Cafe-47-scaled.jpg\u00a0\u00bb background_enable_image=\u00a0\u00bbon\u00a0\u00bb background_position=\u00a0\u00bbtop_center\u00a0\u00bb button_on_hover=\u00a0\u00bbon\u00a0\u00bb button_alignment=\u00a0\u00bbcenter\u00a0\u00bb global_colors_info=\u00a0\u00bb{}\u00a0\u00bb sticky_transition=\u00a0\u00bbon\u00a0\u00bb]<\/p>\n<h1 style=\"text-align: center;\">A propos<\/h1>\n<p>[\/et_pb_slide][\/et_pb_fullwidth_slider][et_pb_fullwidth_code admin_label=\u00a0\u00bbBouton R\u00e9server\u00a0\u00bb module_class=\u00a0\u00bbbooking-trigger\u00a0\u00bb _builder_version=\u00a0\u00bb4.22.2&Prime; z_index_tablet=\u00a0\u00bb500&Prime; global_module=\u00a0\u00bb2412&Prime; saved_tabs=\u00a0\u00bball\u00a0\u00bb global_colors_info=\u00a0\u00bb{}\u00a0\u00bb]<a class=\"btn-booking\" href=\"https:\/\/www.lapeniche.biz\/la-peniche-slow-food-cafe\/la-carte\/\">R\u00e9server<\/a>[\/et_pb_fullwidth_code][\/et_pb_section][et_pb_section fb_built=\u00a0\u00bb1&Prime; admin_label=\u00a0\u00bbContact Form Section\u00a0\u00bb _builder_version=\u00a0\u00bb4.16&Prime; background_color=\u00a0\u00bb#ffffff\u00a0\u00bb custom_padding=\u00a0\u00bb110px||30px|\u00a0\u00bb animation_style=\u00a0\u00bbzoom\u00a0\u00bb animation_direction=\u00a0\u00bbbottom\u00a0\u00bb animation_intensity_zoom=\u00a0\u00bb10%\u00a0\u00bb z_index_tablet=\u00a0\u00bb500&Prime; saved_tabs=\u00a0\u00bball\u00a0\u00bb global_colors_info=\u00a0\u00bb{}\u00a0\u00bb][et_pb_row admin_label=\u00a0\u00bbContact Form\u00a0\u00bb _builder_version=\u00a0\u00bb4.16&Prime; animation_style=\u00a0\u00bbfade\u00a0\u00bb global_colors_info=\u00a0\u00bb{}\u00a0\u00bb][et_pb_column type=\u00a0\u00bb4_4&Prime; _builder_version=\u00a0\u00bb4.16&Prime; custom_padding=\u00a0\u00bb|||\u00a0\u00bb global_colors_info=\u00a0\u00bb{}\u00a0\u00bb custom_padding__hover=\u00a0\u00bb|||\u00a0\u00bb][et_pb_text admin_label=\u00a0\u00bbNotre id\u00e9e\u00a0\u00bb module_id=\u00a0\u00bbnotre-idee\u00a0\u00bb _builder_version=\u00a0\u00bb4.19.5&Prime; _module_preset=\u00a0\u00bbdefault\u00a0\u00bb global_colors_info=\u00a0\u00bb{}\u00a0\u00bb]<\/p>\n<h2 style=\"text-align: center;\"><span style=\"font-size: 24pt;\">CONCEPT<\/span><\/h2>\n<p style=\"text-align: center;\"><span style=\"font-size: 18pt;\">V\u00e9ritable lieu de vie atypique, insolite et authentique.<\/span><br \/><span style=\"font-size: 18pt;\">Une exp\u00e9rience unique au fil de l\u2019eau, pour vous offrir des moments de vie inoubliable \u2026<\/span><br \/><span style=\"font-size: 18pt;\">Une escale \u00ab Slow Life* \u00bb entre amis ou en famille, pour savourer\u00a0<strong>des produits locaux<\/strong>.<\/span><\/p>\n<p style=\"text-align: center;\"><span style=\"font-size: 18pt;\"><strong>Breakfast , Lunch , Go\u00fbter , Brunch, Ap\u00e9ro.<\/strong><\/span><\/p>\n<p>&nbsp;<\/p>\n<p><span style=\"font-size: 12pt;\"><em>*La \u00ab slow life \u00bb est un mode de vie, une philosophie qui invite \u00e0 ralentir \u00e0 profiter de l\u2019instant pr\u00e9sent, en favorisant les moments de qualit\u00e9 avec nous-m\u00eames et avec nos proches.<\/em><\/span><\/p>\n<p>[\/et_pb_text][et_pb_text admin_label=\u00a0\u00bbA propos\u00a0\u00bb _builder_version=\u00a0\u00bb4.19.5&Prime; z_index_tablet=\u00a0\u00bb500&Prime; global_colors_info=\u00a0\u00bb{}\u00a0\u00bb]<\/p>\n<h2 style=\"text-align: center;\"><span style=\"font-size: 24pt;\">HISTOIRE<\/span><\/h2>\n<p><span style=\"font-size: 18pt;\">Tout \u00e0 commenc\u00e9 en 2013, lorsque nous avons transform\u00e9 et construit notre premi\u00e8re <strong><a href=\"https:\/\/www.lapeniche.biz\/la-peniche-all-your-events\/\">P\u00e9niche [All Your Events]<\/a><\/strong> \u00e0 Tain l\u2019Hermitage, en rive gauche du Rh\u00f4ne, au pied du fameux coteaux de l\u2019Hermitage.<\/span><\/p>\n<p>&nbsp;<\/p>\n<p><span style=\"font-size: 18pt;\">Un an plus tard, nous avons commenc\u00e9 \u00e0 entreprendre la transformation d\u2019une nouvelle <strong><a href=\"https:\/\/www.lapeniche.biz\/la-peniche-slow-food-cafe\/\">P\u00e9niche [Slow Food Caf\u00e9]<\/a><\/strong> sur la rive droite du Rh\u00f4ne, qui devient vite une \u00ab\u00a0place To be\u00a0\u00bb \u00e0 Tournon Sur Rh\u00f4ne.<\/span><\/p>\n<p>&nbsp;<\/p>\n<p><span style=\"font-size: 18pt;\">En 2017, David FAURE traverse l\u2019atlantique avec son voilier, des iles Canaries \u00e0 la Martinique et depuis il navigue 100 jours par an.<\/span><\/p>\n<p>&nbsp;<\/p>\n<p><span style=\"font-size: 18pt;\">A son retour, il d\u00e9cide de parcourir \u00e0 v\u00e9lo la <strong><a href=\"https:\/\/www.Viarhona.fr\">Viarhona<\/a><\/strong> , du lac L\u00e9man (G\u00e9n\u00e8ve) \u00e0 la mer (Sainte Marie de la mer) avec \u00ab\u00a0Paco\u00a0\u00bb son fid\u00e8le labrador.<\/span><\/p>\n<p>&nbsp;<\/p>\n<p><span style=\"font-size: 18pt;\">Le fondateur de cette \u00ab Aventure \u00bb d\u00e9cide de lancer sur le trac\u00e9 de la Viarhona :<\/span><\/p>\n<p>&nbsp;<\/p>\n<p><span style=\"font-size: 18pt;\"><strong><a href=\"https:\/\/www.lapeniche.biz\/la-peniche-bed-and-bicycle\/\">LA PENICHE [Bed and Bicycle]<\/a> <\/strong>avec une premi\u00e8re implantation de P\u00e9niche H\u00f4tel \u00e0 Tournon Sur Rh\u00f4ne en 2021, puis \u00e0 Vienne en 2023 et prochainement Aigues mortes, Lyon , Avignon, Arles &#8230;<\/span><\/p>\n<p><span style=\"font-size: 18pt;\">Nous souhaitons vous faire partager une exp\u00e9rience unique au fil de l\u2019eau, pour vous offrir des moments inoubliables dans un esprit \u00ab Slow Life* \u00bb \u00e0 bord de nos P\u00e9niches.<\/span><\/p>\n<p>&nbsp;<\/p>\n<p><span style=\"font-size: 18pt;\">En 2024, <strong><a href=\"https:\/\/www.lapeniche.biz\/la-peniche-french-luxury-cuise\/\">LA PENICHE [French Luxury Cruise]<\/a><\/strong> offrira une croisi\u00e8re de luxe, pour un voyage d&rsquo;exception , Insolite et authentique sur le Rh\u00f4ne\u2026<\/span><\/p>\n<p>&nbsp;<\/p>\n<p><span style=\"font-size: 18pt;\">A ce jour, notre flotte de P\u00e9niches se compose d\u2019Hotels, de caf\u00e9, de croisi\u00e8res, de lieux de vie&#8230; <\/span><\/p>\n<p><span style=\"font-size: 18pt;\">Chaque exp\u00e9rience LA PENICHE\u00ae. r\u00e9v\u00e8le une histoire incroyable\u2026<\/span><\/p>\n<p>&nbsp;<\/p>\n<p><span style=\"font-size: 12pt;\"><em>*La \u00ab slow life \u00bb est un mode de vie, une philosophie qui invite a ralentir a profiter de l\u2019instant pre\u0301sent, en favorisant les moments de qualite\u0301 avec nous-me\u0302mes et avec nos proches.\u00a0<\/em><\/span><\/p>\n<p>[\/et_pb_text][\/et_pb_column][\/et_pb_row][\/et_pb_section][et_pb_section fb_built=\u00a0\u00bb1&Prime; admin_label=\u00a0\u00bbSection Inscription Newsletter\u00a0\u00bb module_id=\u00a0\u00bblp-news-sub-section\u00a0\u00bb _builder_version=\u00a0\u00bb4.22.2&Prime; _module_preset=\u00a0\u00bbdefault\u00a0\u00bb global_module=\u00a0\u00bb2334&Prime; saved_tabs=\u00a0\u00bball\u00a0\u00bb global_colors_info=\u00a0\u00bb{}\u00a0\u00bb][et_pb_row _builder_version=\u00a0\u00bb4.22.2&Prime; _module_preset=\u00a0\u00bbdefault\u00a0\u00bb global_colors_info=\u00a0\u00bb{}\u00a0\u00bb][et_pb_column type=\u00a0\u00bb4_4&Prime; _builder_version=\u00a0\u00bb4.22.2&Prime; _module_preset=\u00a0\u00bbdefault\u00a0\u00bb global_colors_info=\u00a0\u00bb{}\u00a0\u00bb][et_pb_text admin_label=\u00a0\u00bbInscrivez-vous \u00e0 la newsletter\u00a0\u00bb _builder_version=\u00a0\u00bb4.22.2&Prime; _module_preset=\u00a0\u00bbdefault\u00a0\u00bb global_colors_info=\u00a0\u00bb{}\u00a0\u00bb]<\/p>\n<h2 style=\"text-align: center;\">Inscrivez-vous \u00e0 notre newsletter :<\/h2>\n<script>(function() {\n\twindow.mc4wp = window.mc4wp || {\n\t\tlisteners: [],\n\t\tforms: {\n\t\t\ton: function(evt, cb) {\n\t\t\t\twindow.mc4wp.listeners.push(\n\t\t\t\t\t{\n\t\t\t\t\t\tevent   : evt,\n\t\t\t\t\t\tcallback: cb\n\t\t\t\t\t}\n\t\t\t\t);\n\t\t\t}\n\t\t}\n\t}\n})();\n<\/script><!-- Mailchimp for WordPress v4.12.2 - https:\/\/wordpress.org\/plugins\/mailchimp-for-wp\/ --><form id=\"mc4wp-form-1\" class=\"mc4wp-form mc4wp-form-2332\" method=\"post\" data-id=\"2332\" data-name=\"Inscription newsletter La P\u00e9niche\" ><div class=\"mc4wp-form-fields\"><p>\r\n\t<label>\r\n\t\t<input type=\"email\" name=\"EMAIL\" placeholder=\"Votre adresse de courrier \u00e9lectronique\" required \/>\r\n<\/label>\r\n<input type=\"submit\" value=\"Abonnez-vous\" \/>\r\n<\/p><\/div><label style=\"display: none !important;\">Laissez ce champ vide si vous \u00eates humain\u00a0: <input type=\"text\" name=\"_mc4wp_honeypot\" value=\"\" tabindex=\"-1\" autocomplete=\"off\" \/><\/label><input type=\"hidden\" name=\"_mc4wp_timestamp\" value=\"1777601750\" \/><input type=\"hidden\" name=\"_mc4wp_form_id\" value=\"2332\" \/><input type=\"hidden\" name=\"_mc4wp_form_element_id\" value=\"mc4wp-form-1\" \/><div class=\"mc4wp-response\"><\/div><\/form><!-- \/ Mailchimp for WordPress Plugin -->\n<p>[\/et_pb_text][\/et_pb_column][\/et_pb_row][\/et_pb_section]<\/p>\n","protected":false},"excerpt":{"rendered":"<p>[et_pb_section fb_built=\u00a0\u00bb1&Prime; fullwidth=\u00a0\u00bbon\u00a0\u00bb module_id=\u00a0\u00bbslider-header-home\u00a0\u00bb _builder_version=\u00a0\u00bb4.16&Prime; global_colors_info=\u00a0\u00bb{}\u00a0\u00bb][et_pb_fullwidth_slider show_pagination=\u00a0\u00bboff\u00a0\u00bb _builder_version=\u00a0\u00bb4.19.5&Prime; auto=\u00a0\u00bbon\u00a0\u00bb z_index_tablet=\u00a0\u00bb500&Prime; global_colors_info=\u00a0\u00bb{}\u00a0\u00bb][et_pb_slide use_bg_overlay=\u00a0\u00bboff\u00a0\u00bb use_text_overlay=\u00a0\u00bboff\u00a0\u00bb _builder_version=\u00a0\u00bb4.19.5&Prime; header_text_align=\u00a0\u00bbcenter\u00a0\u00bb body_text_align=\u00a0\u00bbcenter\u00a0\u00bb background_color=\u00a0\u00bb#ffffff\u00a0\u00bb background_image=\u00a0\u00bbhttps:\/\/www.lapeniche.biz\/la-peniche-slow-food-cafe\/wp-content\/uploads\/sites\/4\/2023\/01\/La-Peniche-Slow-Food-Cafe-47-scaled.jpg\u00a0\u00bb background_enable_image=\u00a0\u00bbon\u00a0\u00bb background_position=\u00a0\u00bbtop_center\u00a0\u00bb button_on_hover=\u00a0\u00bbon\u00a0\u00bb button_alignment=\u00a0\u00bbcenter\u00a0\u00bb global_colors_info=\u00a0\u00bb{}\u00a0\u00bb sticky_transition=\u00a0\u00bbon\u00a0\u00bb] A propos [\/et_pb_slide][\/et_pb_fullwidth_slider][et_pb_fullwidth_code admin_label=\u00a0\u00bbBouton R\u00e9server\u00a0\u00bb module_class=\u00a0\u00bbbooking-trigger\u00a0\u00bb _builder_version=\u00a0\u00bb4.22.2&Prime; z_index_tablet=\u00a0\u00bb500&Prime; global_module=\u00a0\u00bb2412&Prime; saved_tabs=\u00a0\u00bball\u00a0\u00bb global_colors_info=\u00a0\u00bb{}\u00a0\u00bb]R\u00e9server[\/et_pb_fullwidth_code][\/et_pb_section][et_pb_section fb_built=\u00a0\u00bb1&Prime; admin_label=\u00a0\u00bbContact Form Section\u00a0\u00bb _builder_version=\u00a0\u00bb4.16&Prime; background_color=\u00a0\u00bb#ffffff\u00a0\u00bb custom_padding=\u00a0\u00bb110px||30px|\u00a0\u00bb animation_style=\u00a0\u00bbzoom\u00a0\u00bb animation_direction=\u00a0\u00bbbottom\u00a0\u00bb animation_intensity_zoom=\u00a0\u00bb10%\u00a0\u00bb z_index_tablet=\u00a0\u00bb500&Prime; saved_tabs=\u00a0\u00bball\u00a0\u00bb global_colors_info=\u00a0\u00bb{}\u00a0\u00bb][et_pb_row admin_label=\u00a0\u00bbContact Form\u00a0\u00bb _builder_version=\u00a0\u00bb4.16&Prime; animation_style=\u00a0\u00bbfade\u00a0\u00bb global_colors_info=\u00a0\u00bb{}\u00a0\u00bb][et_pb_column type=\u00a0\u00bb4_4&Prime; _builder_version=\u00a0\u00bb4.16&Prime; [&hellip;]<\/p>\n","protected":false},"author":1,"featured_media":331,"parent":0,"menu_order":0,"comment_status":"closed","ping_status":"closed","template":"","meta":{"_et_pb_use_builder":"on","_et_pb_old_content":"","_et_gb_content_width":"","footnotes":""},"class_list":["post-915","page","type-page","status-publish","has-post-thumbnail","hentry"],"_links":{"self":[{"href":"https:\/\/www.lapeniche.biz\/la-peniche-slow-food-cafe\/wp-json\/wp\/v2\/pages\/915","targetHints":{"allow":["GET"]}}],"collection":[{"href":"https:\/\/www.lapeniche.biz\/la-peniche-slow-food-cafe\/wp-json\/wp\/v2\/pages"}],"about":[{"href":"https:\/\/www.lapeniche.biz\/la-peniche-slow-food-cafe\/wp-json\/wp\/v2\/types\/page"}],"author":[{"embeddable":true,"href":"https:\/\/www.lapeniche.biz\/la-peniche-slow-food-cafe\/wp-json\/wp\/v2\/users\/1"}],"replies":[{"embeddable":true,"href":"https:\/\/www.lapeniche.biz\/la-peniche-slow-food-cafe\/wp-json\/wp\/v2\/comments?post=915"}],"version-history":[{"count":5,"href":"https:\/\/www.lapeniche.biz\/la-peniche-slow-food-cafe\/wp-json\/wp\/v2\/pages\/915\/revisions"}],"predecessor-version":[{"id":2584,"href":"https:\/\/www.lapeniche.biz\/la-peniche-slow-food-cafe\/wp-json\/wp\/v2\/pages\/915\/revisions\/2584"}],"wp:featuredmedia":[{"embeddable":true,"href":"https:\/\/www.lapeniche.biz\/la-peniche-slow-food-cafe\/wp-json\/wp\/v2\/media\/331"}],"wp:attachment":[{"href":"https:\/\/www.lapeniche.biz\/la-peniche-slow-food-cafe\/wp-json\/wp\/v2\/media?parent=915"}],"curies":[{"name":"wp","href":"https:\/\/api.w.org\/{rel}","templated":true}]}}